{"id":18993,"date":"2019-02-05T14:09:51","date_gmt":"2019-02-05T14:09:51","guid":{"rendered":"https:\/\/www.policlinicogemelli.it\/reparti\/oncologia-cervico-facciale\/"},"modified":"2019-12-11T11:08:01","modified_gmt":"2019-12-11T11:08:01","slug":"cervico-facial-cancer","status":"publish","type":"kf_gem_reparto","link":"https:\/\/www.policlinicogemelli.it\/en\/operational-units\/cervico-facial-cancer\/","title":{"rendered":"Cervico-facial Cancer"},"content":{"rendered":"\n<p>L&#8217;obiettivo dell&#8217;Unit\u00e0 Operativa Semplice di Area&nbsp;<strong>Oncologia cervico facciale il cui responsabile \u00e8 il Prof. Giovanni Almadori,<\/strong>&nbsp;all&#8217;interno dell&#8217;Istituto di Otorinolaringoiatria, \u00e8 quello di fornire un centro di eccellenza per le cure dei tumori testa collo (6%di tutti i tumori maligni). Si \u00e8 cercato di coniugare l&#8217;eccellenza delle cure, frutto dell&#8217;attivit\u00e0 di ricerca biomedica all&#8217;avanguardia, e la capacit\u00e0 di ascolto e di accoglienza di ogni persona.<\/p>\n\n\n\n<p>Negli ultimi anni le nuove conoscenze sulla patogenesi dei tumori, il progresso in ambito tecnologico e farmacologico e la possibilit\u00e0 di nuovi approcci chirurgici hanno aumentato le armi terapeutiche a nostra disposizione contro questi tumori. Per tale motivo diventa sempre pi\u00f9 importante la scelta del primo trattamento&nbsp;oppure il miglior approccio multimodale nel caso fosse necessario ricorrere a pi\u00f9 armi terapeutiche contemporaneamente. La scelta terapeutica, infatti, \u00e8 fortemente condizionata dallo stadio di malattia, dall\u2019istologico, dalla sede di malattia e dalle possibilit\u00e0 della migliore preservazione d\u2019organo e funzione ottenibile.<\/p>\n\n\n\n<p>Il&nbsp;90% dei tumori testa e collo originano dalle cellule squamose dell\u2019epitelio di rivestimento della mucosa respiratoria del distretto cervico-facciale (cavo orale, orofaringe, naso e seni paranasali, rinofaringe, faringe-ipofaringe, laringe) e vengono&nbsp;istologicamente denominati carcinomi squamocellulari.&nbsp;<\/p>\n\n\n\n<p>Nel 2008, in tutto il mondo, ci sono stati pi\u00f9 di 600.000 nuovi casi con pi\u00f9 di 350.000 decessi, registrando un aumento significativo della incidenza di questi tumori, soprattutto nelle donne, sebbene questi tumori interessino pi\u00f9 frequentemente il sesso maschile.&nbsp; Un fenomeno emergente \u00e8 la comparsa di tumori tra le persone che non hanno mai fumato. L\u2019incidenza \u00e8 maggiore nei pazienti di 60-70 anni, ma ultimamente si \u00e8 osservato un incremento d\u2019incidenza nei soggetti pi\u00f9 giovani (sotto i 40) ed in quelli pi\u00f9 anziani (sopra gli 80).&nbsp;<\/p>\n\n\n\n<p>Purtroppo, i tumori della testa e del collo vengono ancora frequentemente diagnosticati tardivamente e quindi trattati in stadio avanzato di malattia, condizionando in modo negativo i risultati terapeutici con&nbsp;rischio di non controllo oncologico. Per tale motivo il riconoscimento tempestivo dei segni e sintomi clinici da parte dei pazienti e dei medici di base e il conseguente riferimento allo specialista otorinolaringoiatra, esperto di oncologia, rappresenta il presupposto fondamentale per la diagnosi precoce e per la scelta di un adeguato&nbsp;trattamento che offra la pi\u00f9 alta probabilit\u00e0 di guarigione clinica.<\/p>\n\n\n\n<p>Accorgersi presto di un tumore, quando \u00e8 negli stadi pi\u00f9 precoci, vuol dire avere maggiori possibilit\u00e0 di guarigione (oltre il 90% in caso di tumore testa-collo), con cure meno invasive. Eppure, molti uomini e donne, che hanno fumato per oltre 20 anni e che continuano a fumare, non effettuano con regolarit\u00e0 quei semplici esami di prevenzione primaria volti a fornire percorsi personalizzati utili all\u2019adozione di stili di vita pi\u00f9 corretti che aiutino a proteggere la loro salute.<br><\/p>\n\n\n\n<p><strong>Riabilitazione&nbsp;<\/strong><\/p>\n\n\n\n<p>I terapisti che si occupano della voce, del linguaggio e della deglutizione sono figure chiave del team terapeutico-riabilitativo di questi pazienti. I fisioterapisti e i terapisti occupazionali aiutano i pazienti a migliorare la loro mobilit\u00e0 dopo la chirurgia o dopo i trattamenti chemio-radioterapici. Terapisti esperti del policlinico Gemelli lavorano in grande sinergia con i pazienti e le loro famiglie, e con i medici, al fine di incrementare la qualit\u00e0 di vita sia durante i trattamenti che dopo la malattia.<\/p>\n\n\n\n<p>I terapisti valutano le necessit\u00e0 di ciascun paziente e disegnano un piano di riabilitazione individuale, specifico per ogni singolo paziente, durante il loro programma di trattamento o durante il loro ricovero. Essi spesso prescrivono esercizi specifici per aiutare i pazienti a migliorare l\u2019articolazione (linguaggio e pronuncia), la deglutizione, la postura, il grado di mobilit\u00e0, la forza dei muscoli del collo e delle spalle,&nbsp;dopo il trattamento sia chirurgico che radioterapico. Essi inoltre forniscono dei trattamenti atti a migliorare l\u2019efficacia della deglutizione, della fonazione, della respirazione e della tosse dopo la chirurgia, e forniscono devices assistenziali per aiutare il paziente a camminare. Queste figure giocano quindi un ruolo importante nell\u2019educare i pazienti a riacquisire la meccanica del proprio organismo, a risparmiare energie e ad acquisire tecniche di gestione del dolore, il tutto al fine di ridurre gli effetti collaterali della chirurgia o dell\u2019ospedalizzazione. Possono anche suggerire specifiche precauzioni da rispettare dopo l\u2019intervento.<\/p>\n\n\n\n<p>Seguendo il trattamento, il paziente dovrebbe notare cambiamenti della loro mobilit\u00e0, della loro forza, della loro flessibilit\u00e0, del loro equilibrio e della loro resistenza. I terapisti occupazionali educano i pazienti e le loro famiglie riguardo questi cambiamenti e su come usare il loro equipaggiamento e le tecniche compensatorie per aumentare l\u2019indipendenza del paziente durante le loro attivit\u00e0 giornaliere di routine. Essi inoltre insegnano al paziente tecniche per recuperare a pieno alcune attivit\u00e0 basilari durante la giornata, quali lavarsi, vestirsi, e muoversi. Alcuni pazienti potrebbero notare una diminuzione dell\u2019udito, della vista, dell\u2019olfatto e del gusto dopo la chirurgia; i terapisti della riabilitazione offrono supporto anche in questo senso.<\/p>\n\n\n\n<p>I membri del team testa-collo lavorono in sinergia con il \u201cCenter\u2019s Integrative Medicine Services\u201d. Ad esempio, ricerche fatte presso il policlinico Gemelli hanno dimostrato che l\u2019agopuntura potrebbe essere d\u2019aiuto per i sintomi riferiti al collo e alle spalle, cos\u00ec come per la bocca secca dopo radioterapia.<\/p>\n\n\n\n<p><strong>FOLLOW-UP<\/strong><\/p>\n\n\n\n<p>Presso il Policlinico Gemelli, offriamo un servizio di follow-up completo svolto settimanalmente presso l\u2019ambulatorio oncologico della clinica Otorinolaringoiatrica. &nbsp;Il servizio di follow-up viene svolto congiuntamente da medici otorinolaringoiatri&nbsp;e da medici radioterapisti per il controllo oncologico e da medici foniatri e logopediste per il controllo funzionale.<\/p>\n\n\n\n<p>In pi\u00f9, per monitorare segni di ripresa di malattia, il medico localizza l\u2019attenzione sull\u2019identificare,&nbsp;prevenire e controllare qualsiasi effetto associato al trattamento della malattia. La visita con lo specialista otorinolaringoiatra pertanto prevede:<\/p>\n\n\n\n<ul class=\"wp-block-list\"><li>Revisione della storia clinica ed esame obiettivo;<\/li><li>Valutazione per cercare eventuale ripresa di malattia;<\/li><li>Identificazione e management delle conseguenze del cancro e dei trattamenti;<\/li><li>Indicazioni per screening per altri tumori primitivi secondari metacroni (polmone, esofago)<\/li><li>Promozione della salute, con raccomandazioni in merito a nutrizione, esercizio fisico, sospensione di fumo ed alcol.<\/li><li>Riassunto del trattamento e pianificazione del follow-up<\/li><li>Se necessaria, consultazione con altri medici afferenti al team tesa-collo.<\/li><\/ul>\n\n\n\n<p>Per lavorare insieme a tutto il team, l\u2019otorinolaringoiatra informa del trattamento non solo il diretto interessato, ma anche il medico di riferimento ed altri medici, che vengono continuamente aggiornati.<\/p>\n","protected":false},"excerpt":{"rendered":"<p>L&#8217;obiettivo dell&#8217;Unit\u00e0 Operativa Semplice di Area&nbsp;Oncologia cervico facciale il cui responsabile \u00e8 il Prof. Giovanni Almadori,&nbsp;all&#8217;interno dell&#8217;Istituto di Otorinolaringoiatria, \u00e8 quello di fornire un centro di eccellenza per le cure dei tumori testa collo (6%di tutti i tumori maligni). Si \u00e8 cercato di coniugare l&#8217;eccellenza delle cure, frutto dell&#8217;attivit\u00e0 di ricerca biomedica all&#8217;avanguardia, e la [&hellip;]<\/p>\n","protected":false},"featured_media":0,"template":"","kf_gem_aree":[385],"class_list":{"0":"post-18993","1":"kf_gem_reparto","2":"type-kf_gem_reparto","3":"status-publish","5":"kf_gem_aree-neuroscience-sensory-organs-chest","6":"entry","7":"has-post-thumbnail"},"acf":[],"yoast_head":"<!-- This site is optimized with the Yoast SEO plugin v27.5 - https:\/\/yoast.com\/product\/yoast-seo-wordpress\/ -->\n<title>Cervico-facial Cancer - Policlinico Universitario Agostino Gemelli IRCCS<\/title>\n<meta name=\"robots\" content=\"index, follow, max-snippet:-1, max-image-preview:large, max-video-preview:-1\" \/>\n<link rel=\"canonical\" href=\"https:\/\/www.policlinicogemelli.it\/en\/operational-units\/cervico-facial-cancer\/\" \/>\n<meta property=\"og:locale\" content=\"en_US\" \/>\n<meta property=\"og:type\" content=\"article\" \/>\n<meta property=\"og:title\" content=\"Cervico-facial Cancer - Policlinico Universitario Agostino Gemelli IRCCS\" \/>\n<meta property=\"og:description\" content=\"L&#8217;obiettivo dell&#8217;Unit\u00e0 Operativa Semplice di Area&nbsp;Oncologia cervico facciale il cui responsabile \u00e8 il Prof. Giovanni Almadori,&nbsp;all&#8217;interno dell&#8217;Istituto di Otorinolaringoiatria, \u00e8 quello di fornire un centro di eccellenza per le cure dei tumori testa collo (6%di tutti i tumori maligni). Si \u00e8 cercato di coniugare l&#8217;eccellenza delle cure, frutto dell&#8217;attivit\u00e0 di ricerca biomedica all&#8217;avanguardia, e la [&hellip;]\" \/>\n<meta property=\"og:url\" content=\"https:\/\/www.policlinicogemelli.it\/en\/operational-units\/cervico-facial-cancer\/\" \/>\n<meta property=\"og:site_name\" content=\"Policlinico Universitario Agostino Gemelli IRCCS\" \/>\n<meta property=\"article:modified_time\" content=\"2019-12-11T11:08:01+00:00\" \/>\n<meta property=\"og:image\" content=\"https:\/\/www.policlinicogemelli.it\/wp-content\/uploads\/2023\/06\/Share_Gemelli.png\" \/>\n\t<meta property=\"og:image:width\" content=\"1200\" \/>\n\t<meta property=\"og:image:height\" content=\"630\" \/>\n\t<meta property=\"og:image:type\" content=\"image\/png\" \/>\n<meta name=\"twitter:card\" content=\"summary_large_image\" \/>\n<meta name=\"twitter:label1\" content=\"Est. reading time\" \/>\n\t<meta name=\"twitter:data1\" content=\"5 minutes\" \/>\n<script type=\"application\/ld+json\" class=\"yoast-schema-graph\">{\"@context\":\"https:\\\/\\\/schema.org\",\"@graph\":[{\"@type\":\"WebPage\",\"@id\":\"https:\\\/\\\/www.policlinicogemelli.it\\\/en\\\/operational-units\\\/cervico-facial-cancer\\\/\",\"url\":\"https:\\\/\\\/www.policlinicogemelli.it\\\/en\\\/operational-units\\\/cervico-facial-cancer\\\/\",\"name\":\"Cervico-facial Cancer - Policlinico Universitario Agostino Gemelli IRCCS\",\"isPartOf\":{\"@id\":\"https:\\\/\\\/www.policlinicogemelli.it\\\/en\\\/#website\"},\"datePublished\":\"2019-02-05T14:09:51+00:00\",\"dateModified\":\"2019-12-11T11:08:01+00:00\",\"breadcrumb\":{\"@id\":\"https:\\\/\\\/www.policlinicogemelli.it\\\/en\\\/operational-units\\\/cervico-facial-cancer\\\/#breadcrumb\"},\"inLanguage\":\"en-US\",\"potentialAction\":[{\"@type\":\"ReadAction\",\"target\":[\"https:\\\/\\\/www.policlinicogemelli.it\\\/en\\\/operational-units\\\/cervico-facial-cancer\\\/\"]}]},{\"@type\":\"BreadcrumbList\",\"@id\":\"https:\\\/\\\/www.policlinicogemelli.it\\\/en\\\/operational-units\\\/cervico-facial-cancer\\\/#breadcrumb\",\"itemListElement\":[{\"@type\":\"ListItem\",\"position\":1,\"name\":\"Home\",\"item\":\"https:\\\/\\\/www.policlinicogemelli.it\\\/en\\\/\"},{\"@type\":\"ListItem\",\"position\":2,\"name\":\"Unit\u00e0 operative\",\"item\":\"https:\\\/\\\/www.policlinicogemelli.it\\\/en\\\/operational-units\\\/\"},{\"@type\":\"ListItem\",\"position\":3,\"name\":\"Cervico-facial Cancer\"}]},{\"@type\":\"WebSite\",\"@id\":\"https:\\\/\\\/www.policlinicogemelli.it\\\/en\\\/#website\",\"url\":\"https:\\\/\\\/www.policlinicogemelli.it\\\/en\\\/\",\"name\":\"Policlinico Universitario Agostino Gemelli IRCCS\",\"description\":\"Policlinico Universitario Agostino Gemelli IRCCS\",\"publisher\":{\"@id\":\"https:\\\/\\\/www.policlinicogemelli.it\\\/en\\\/#organization\"},\"potentialAction\":[{\"@type\":\"SearchAction\",\"target\":{\"@type\":\"EntryPoint\",\"urlTemplate\":\"https:\\\/\\\/www.policlinicogemelli.it\\\/en\\\/?s={search_term_string}\"},\"query-input\":{\"@type\":\"PropertyValueSpecification\",\"valueRequired\":true,\"valueName\":\"search_term_string\"}}],\"inLanguage\":\"en-US\"},{\"@type\":\"Organization\",\"@id\":\"https:\\\/\\\/www.policlinicogemelli.it\\\/en\\\/#organization\",\"name\":\"Policlinico Universitario Agostino Gemelli IRCCS\",\"url\":\"https:\\\/\\\/www.policlinicogemelli.it\\\/en\\\/\",\"logo\":{\"@type\":\"ImageObject\",\"inLanguage\":\"en-US\",\"@id\":\"https:\\\/\\\/www.policlinicogemelli.it\\\/en\\\/#\\\/schema\\\/logo\\\/image\\\/\",\"url\":\"https:\\\/\\\/www.policlinicogemelli.it\\\/wp-content\\\/uploads\\\/2019\\\/02\\\/logo-policlinico-gemelli-250-trasp-color-1.png\",\"contentUrl\":\"https:\\\/\\\/www.policlinicogemelli.it\\\/wp-content\\\/uploads\\\/2019\\\/02\\\/logo-policlinico-gemelli-250-trasp-color-1.png\",\"width\":250,\"height\":82,\"caption\":\"Policlinico Universitario Agostino Gemelli IRCCS\"},\"image\":{\"@id\":\"https:\\\/\\\/www.policlinicogemelli.it\\\/en\\\/#\\\/schema\\\/logo\\\/image\\\/\"}}]}<\/script>\n<!-- \/ Yoast SEO plugin. -->","yoast_head_json":{"title":"Cervico-facial Cancer - Policlinico Universitario Agostino Gemelli IRCCS","robots":{"index":"index","follow":"follow","max-snippet":"max-snippet:-1","max-image-preview":"max-image-preview:large","max-video-preview":"max-video-preview:-1"},"canonical":"https:\/\/www.policlinicogemelli.it\/en\/operational-units\/cervico-facial-cancer\/","og_locale":"en_US","og_type":"article","og_title":"Cervico-facial Cancer - Policlinico Universitario Agostino Gemelli IRCCS","og_description":"L&#8217;obiettivo dell&#8217;Unit\u00e0 Operativa Semplice di Area&nbsp;Oncologia cervico facciale il cui responsabile \u00e8 il Prof. Giovanni Almadori,&nbsp;all&#8217;interno dell&#8217;Istituto di Otorinolaringoiatria, \u00e8 quello di fornire un centro di eccellenza per le cure dei tumori testa collo (6%di tutti i tumori maligni). Si \u00e8 cercato di coniugare l&#8217;eccellenza delle cure, frutto dell&#8217;attivit\u00e0 di ricerca biomedica all&#8217;avanguardia, e la [&hellip;]","og_url":"https:\/\/www.policlinicogemelli.it\/en\/operational-units\/cervico-facial-cancer\/","og_site_name":"Policlinico Universitario Agostino Gemelli IRCCS","article_modified_time":"2019-12-11T11:08:01+00:00","og_image":[{"width":1200,"height":630,"url":"https:\/\/www.policlinicogemelli.it\/wp-content\/uploads\/2023\/06\/Share_Gemelli.png","type":"image\/png"}],"twitter_card":"summary_large_image","twitter_misc":{"Est. reading time":"5 minutes"},"schema":{"@context":"https:\/\/schema.org","@graph":[{"@type":"WebPage","@id":"https:\/\/www.policlinicogemelli.it\/en\/operational-units\/cervico-facial-cancer\/","url":"https:\/\/www.policlinicogemelli.it\/en\/operational-units\/cervico-facial-cancer\/","name":"Cervico-facial Cancer - Policlinico Universitario Agostino Gemelli IRCCS","isPartOf":{"@id":"https:\/\/www.policlinicogemelli.it\/en\/#website"},"datePublished":"2019-02-05T14:09:51+00:00","dateModified":"2019-12-11T11:08:01+00:00","breadcrumb":{"@id":"https:\/\/www.policlinicogemelli.it\/en\/operational-units\/cervico-facial-cancer\/#breadcrumb"},"inLanguage":"en-US","potentialAction":[{"@type":"ReadAction","target":["https:\/\/www.policlinicogemelli.it\/en\/operational-units\/cervico-facial-cancer\/"]}]},{"@type":"BreadcrumbList","@id":"https:\/\/www.policlinicogemelli.it\/en\/operational-units\/cervico-facial-cancer\/#breadcrumb","itemListElement":[{"@type":"ListItem","position":1,"name":"Home","item":"https:\/\/www.policlinicogemelli.it\/en\/"},{"@type":"ListItem","position":2,"name":"Unit\u00e0 operative","item":"https:\/\/www.policlinicogemelli.it\/en\/operational-units\/"},{"@type":"ListItem","position":3,"name":"Cervico-facial Cancer"}]},{"@type":"WebSite","@id":"https:\/\/www.policlinicogemelli.it\/en\/#website","url":"https:\/\/www.policlinicogemelli.it\/en\/","name":"Policlinico Universitario Agostino Gemelli IRCCS","description":"Policlinico Universitario Agostino Gemelli IRCCS","publisher":{"@id":"https:\/\/www.policlinicogemelli.it\/en\/#organization"},"potentialAction":[{"@type":"SearchAction","target":{"@type":"EntryPoint","urlTemplate":"https:\/\/www.policlinicogemelli.it\/en\/?s={search_term_string}"},"query-input":{"@type":"PropertyValueSpecification","valueRequired":true,"valueName":"search_term_string"}}],"inLanguage":"en-US"},{"@type":"Organization","@id":"https:\/\/www.policlinicogemelli.it\/en\/#organization","name":"Policlinico Universitario Agostino Gemelli IRCCS","url":"https:\/\/www.policlinicogemelli.it\/en\/","logo":{"@type":"ImageObject","inLanguage":"en-US","@id":"https:\/\/www.policlinicogemelli.it\/en\/#\/schema\/logo\/image\/","url":"https:\/\/www.policlinicogemelli.it\/wp-content\/uploads\/2019\/02\/logo-policlinico-gemelli-250-trasp-color-1.png","contentUrl":"https:\/\/www.policlinicogemelli.it\/wp-content\/uploads\/2019\/02\/logo-policlinico-gemelli-250-trasp-color-1.png","width":250,"height":82,"caption":"Policlinico Universitario Agostino Gemelli IRCCS"},"image":{"@id":"https:\/\/www.policlinicogemelli.it\/en\/#\/schema\/logo\/image\/"}}]}},"telefono":[""],"fax":[""],"mail":["giovanni.almadori@policlicnicogemelli.it"],"complesso":["Gemelli"],"locazione":["Piano 3 - Ala C"],"sede_distaccata":[""],"attivita_dh":[""],"attivita_ordinaria":[""],"presidio":["Gemelli"],"direttore":["6680","6680"],"tipologia":["uosa","uosa"],"rest_api_enabler":{"telefono":"","fax":"","mail":"giovanni.almadori@policlicnicogemelli.it","complesso":"Gemelli","locazione":"Piano 3 - Ala C","sede_distaccata":"","attivita_dh":"","attivita_ordinaria":"","presidio":"Gemelli","direttore":["6680","6680"],"tipologia":["uosa","uosa"]},"_links":{"self":[{"href":"https:\/\/www.policlinicogemelli.it\/en\/wp-json\/wp\/v2\/unita-operative\/18993","targetHints":{"allow":["GET"]}}],"collection":[{"href":"https:\/\/www.policlinicogemelli.it\/en\/wp-json\/wp\/v2\/unita-operative"}],"about":[{"href":"https:\/\/www.policlinicogemelli.it\/en\/wp-json\/wp\/v2\/types\/kf_gem_reparto"}],"version-history":[{"count":0,"href":"https:\/\/www.policlinicogemelli.it\/en\/wp-json\/wp\/v2\/unita-operative\/18993\/revisions"}],"wp:attachment":[{"href":"https:\/\/www.policlinicogemelli.it\/en\/wp-json\/wp\/v2\/media?parent=18993"}],"wp:term":[{"taxonomy":"kf_gem_aree","embeddable":true,"href":"https:\/\/www.policlinicogemelli.it\/en\/wp-json\/wp\/v2\/kf_gem_aree?post=18993"}],"curies":[{"name":"wp","href":"https:\/\/api.w.org\/{rel}","templated":true}]}}