{"id":38054,"date":"2021-07-22T12:58:34","date_gmt":"2021-07-22T12:58:34","guid":{"rendered":"https:\/\/www.policlinicogemelli.it\/?page_id=38054"},"modified":"2026-01-27T12:59:33","modified_gmt":"2026-01-27T11:59:33","slug":"privacy-e-protezione-dei-dati-personali","status":"publish","type":"page","link":"https:\/\/www.policlinicogemelli.it\/en\/patient-services\/privacy-e-protezione-dei-dati-personali\/","title":{"rendered":"Privacy e Protezione dei dati Personali"},"content":{"rendered":"\n<p>Gentile Utente,<br>all\u2019interno della presente sezione potr\u00e0 trovare informazioni utili relative alle attivit\u00e0 di trattamento dei dati personali svolte presso la Fondazione Policlinico Universitario Agostino Gemelli IRCCS.<\/p>\n\n\n\n<p>\u00c8 possibile rivolgersi al Data Protection Officer per tutte le questioni inerenti la protezione dei dati, scrivendo all\u2019indirizzo email: <a class=\"kf-link italic no-underline\" href=\"mailto:dpo@policlinicogemelli.it\">dpo@policlinicogemelli.it<\/a><\/p>\n\n\n\n<div class=\"kf-accordion test kf-accordion-2\">\n<div class=\"kf-accordion-item kf-accordion-item-active\"><h3><span class=\"kf-accordion-item-label\">Responsabile per la Protezione dei Dati (Data Protection Officer &#8211; DPO)<\/span><\/h3><div class=\"kf-accordion-item-content\">\n<p>Il&nbsp;<strong>Data Protection Officer<\/strong>&nbsp;(DPO), o&nbsp;anche&nbsp;<strong>Responsabile per la Protezione dei Dati<\/strong>&nbsp;(RPD), \u00e8 una figura introdotta dal <a class=\"kf-link normal no-underline\" href=\"https:\/\/protezionedatipersonali.it\/regolamento-generale-protezione-dati\">Regolamento Europeo in materia di protezione di dati personali<\/a>&nbsp;(art. 37 del Regolamento UE 2016\/679), con il compito di sorveglianza, vigilanza e consulenza specialistica in ambito privacy.<\/p>\n\n\n\n<p>La Fondazione Policlinico Universitario Agostino Gemelli IRCCS ha provveduto alla nomina del Data Protection Officer, cui gli Interessati possono rivolgersi \u201cper tutte le questioni relative al trattamento dei loro dati personali e all\u2019esercizio dei loro diritti\u201d.<\/p>\n\n\n\n<p>Di seguito i dati di contatto:<\/p>\n\n\n\n<p><strong>Email:<\/strong>&nbsp;<a class=\"kf-link italic no-underline\" href=\"mailto:dpo@policlinicogemelli.it\">dpo@policlinicogemelli.it<\/a> &#8211; <a class=\"kf-link italic no-underline\" href=\"mailto:dpo.gemelli@pec.it\">dpo.gemelli@pec.it<\/a><\/p>\n<\/div><\/div>\n\n\n\n<div class=\"kf-accordion-item\"><h3><span class=\"kf-accordion-item-label\">Diritti degli interessati (artt.15 e seguenti del Regolamento UE 2016\/679)<\/span><\/h3><div class=\"kf-accordion-item-content\">\n<p>L\u2019interessato ha il diritto di ottenere dal Titolare del trattamento la conferma che sia o meno in corso un trattamento di dati personali che lo riguardano ed in tal caso di chiedere l\u2019accesso ai propri dati, di ottenere la rettifica, l\u2019integrazione, la cancellazione degli stessi, la limitazione del trattamento dei dati che lo riguardano o di opporsi al loro trattamento \u2013 qualora ricorrano i presupposti previsti dal Regolamento UE 2016\/679.<\/p>\n\n\n\n<p>In ogni momento, l\u2019interessato ha diritto di revocare il consenso, senza pregiudicare la liceit\u00e0 del trattamento basata sul consenso prestato prima della revoca. I diritti di cui sopra potranno essere esercitati con semplice richiesta al DPO all\u2019indirizzo e-mail: <a class=\"kf-link italic no-underline\" href=\"mailto:dpo@policlinicogemelli.it\">dpo@policlinicogemelli.it<\/a> o <a class=\"kf-link italic no-underline\" href=\"mailto:dpo.gemelli@pec.it\">dpo.gemelli@pec.it<\/a><\/p>\n\n\n\n<p>Al fine di esercitare i Suoi diritti di cui agli artt. 15 e seguenti del Regolamento UE 2016\/679 \u00e8 necessario che la Fondazione proceda alla Sua identificazione. Per tale ragione, unitamente all\u2019invio della Sua richiesta, Le chiediamo di comunicare i seguenti dati: Nome, Cognome, data di&nbsp;nascita, codice fiscale, nonch\u00e9 allegare un documento di riconoscimento.<\/p>\n\n\n\n<p><strong>Termini per i riscontri di Fondazione Policlinico Universitario Agostino Gemelli IRCCS (di seguito Fondazione)<\/strong><\/p>\n\n\n\n<p>Fondazione La informa che il termine per la risposta \u00e8 al pi\u00f9 tardi <strong><u>1 mese<\/u><\/strong> dal ricevimento della richiesta, prorogabile di <strong><u>2&nbsp;mesi<\/u><\/strong> in casi di particolare complessit\u00e0. In questi casi, la Fondazione fornir\u00e0 almeno una comunicazione interlocutoria entro 1 mese dal ricevimento della richiesta.<\/p>\n\n\n\n<p>La Fondazione ha il diritto di chiedere informazioni necessarie a fini identificativi del richiedente.<\/p>\n\n\n\n<p><strong>Reclamo o segnalazione al Garante per la protezione dei dati personali<\/strong> Fondazione La informa che Lei ha diritto di proporre reclamo al Garante per la Protezione dei Dati Personali secondo le procedure e indicazioni pubblicate sul sito web ufficiale dell\u2019Autorit\u00e0 <a class=\"kf-link normal no-underline\" href=\"http:\/\/www.garanteprivacy.it\">www.garanteprivacy.it<\/a>.<\/p>\n<\/div><\/div>\n<\/div>\n\n\n<style>.wp-block-kadence-spacer.kt-block-spacer-38054_5e2dbd-df .kt-block-spacer{height:60px;}.wp-block-kadence-spacer.kt-block-spacer-38054_5e2dbd-df .kt-divider{border-top-width:1px;height:1px;border-top-color:#eee;width:80%;border-top-style:solid;}<\/style>\n<div class=\"wp-block-kadence-spacer aligncenter kt-block-spacer-38054_5e2dbd-df\"><div class=\"kt-block-spacer kt-block-spacer-halign-center\"><hr class=\"kt-divider\" \/><\/div><\/div>\n\n\n\n<h2 class=\"wp-block-heading\">Informative e DPIA<\/h2>\n\n\n\n<ul class=\"wp-block-list\">\n<li>Informativa Generale per il trattamento dei dati personali in ambito sanitario <a href=\"\/wp-content\/uploads\/2026\/01\/Information-on-the-processing-of-personal-data-in-healthcare-enviroment.pdf\" id=\"\/wp-content\/uploads\/2026\/01\/Information-on-the-processing-of-personal-data-in-healthcare-enviroment.pdf\" target=\"_blank\" rel=\"noreferrer noopener\" class=\"button small orange\">Scarica<\/a><\/li>\n\n\n\n<li>Informativa per il trattamento dei dati personali fornitori\/committenti (ai sensi degli artt. 13 e 14 del Regolamento UE 2016\/679) <a class=\"button small orange\" href=\"\/wp-content\/uploads\/2022\/06\/MOD.-082_INFORMATIVA-FORNITORI_COMMITTENTI.pdf\" target=\"_blank\" rel=\"noreferrer noopener\">Scarica<\/a><\/li>\n\n\n\n<li>Informativa per il trattamento dei dati personali per invio materiale informativo\/promozionale <a class=\"button small orange\" href=\"\/wp-content\/uploads\/2022\/06\/MOD.913_Informativa-trattamento-dati-invio-materiale-Informativo_Promozionale-.pdf\" target=\"_blank\" rel=\"noreferrer noopener\">Scarica<\/a><\/li>\n<\/ul>\n\n\n\n<div class=\"kf-accordion test kf-accordion-2\">\n<div class=\"kf-accordion-item\"><h3><span class=\"kf-accordion-item-label\">Informative pubbliche al trattamento dei dati personali per studi retrospettivo-osservazionali<\/span><\/h3><div class=\"kf-accordion-item-content\">\n<p>Key-Early <a class=\"button small orange\" href=\"\/wp-content\/uploads\/2024\/05\/2_NIS009903_Foglio-inf.-e-Consenso-Trattamento-dati_V3.0_26.01.24.pdf\" target=\"_blank\" rel=\"noreferrer noopener\">Scarica<\/a><\/p>\n\n\n\n<p>CABOGEN <a class=\"button small orange\" href=\"\/wp-content\/uploads\/2024\/05\/4_CABOGEN_Informativa-pazienti-deceduti-o-non-contattabili-EX-ART.-14-GDPR_per-pubblicazione.pdf\" target=\"_blank\" rel=\"noreferrer noopener\">Scarica<\/a><\/p>\n\n\n\n<p>OCTOPUS <a class=\"button small orange\" href=\"\/wp-content\/uploads\/2024\/06\/Pierre-Fabre-Informativa-sul-trattamento-dei-dati-personali-per-lo-Studio_def.-04.06.2024.pdf\" target=\"_blank\" rel=\"noreferrer noopener\">Scarica<\/a><\/p>\n\n\n\n<p>RETRACE <a class=\"button small orange\" href=\"\/wp-content\/uploads\/2024\/06\/RETRACE_PERSONAL_DATA_PROCESSING_INFORMED_CONSENT_FORM_V_2.0_20240118.pdf\" target=\"_blank\" rel=\"noreferrer noopener\">Scarica<\/a><\/p>\n\n\n\n<p>FIL_Lympho-Heart <a class=\"button small orange\" href=\"\/wp-content\/uploads\/2024\/10\/FIL_Lympho-Heart_Informativa-pubblica_v.1.0_08042024.pdf\" target=\"_blank\" rel=\"noreferrer noopener\">Scarica<\/a><\/p>\n\n\n\n<p>CARE <a class=\"button small orange\" href=\"\/wp-content\/uploads\/2024\/11\/MSD-Italia-NIS102061-Studi-Outsourced-Template-Informativa-Privacy-Osservazionali-dati-genetici-v.2.0_21giu24.pdf\" target=\"_blank\" rel=\"noreferrer noopener\">Scarica<\/a><\/p>\n\n\n\n<p>SPARK <a class=\"button small orange\" href=\"\/wp-content\/uploads\/2025\/08\/11-spark-dpia-2024-06-24-v-3-final-redacted-v2-3.pdf\" target=\"_blank\" rel=\"noreferrer noopener\">Scarica<\/a><\/p>\n\n\n\n<p><\/p>\n<\/div><\/div>\n\n\n\n<div class=\"kf-accordion-item kf-accordion-item-active\"><h3><span class=\"kf-accordion-item-label\">Data Protection Impact Assessment &#8211; Studi Clinici<\/span><\/h3><div class=\"kf-accordion-item-content\">\n<p><br>TEIRESEAS <a class=\"button small orange\" href=\"\/wp-content\/uploads\/2025\/10\/DPIA-estratto-6882-studio-TEIRESEAS-10-25_signed.pdf\" target=\"_blank\" rel=\"noreferrer noopener\">Scarica<\/a><\/p>\n\n\n\n<p>MAGNUS <a class=\"button small orange\" href=\"\/wp-content\/uploads\/2025\/10\/DPIA-estratto-7586-studio-MAGNUS-09-25_signed.pdf\" target=\"_blank\" rel=\"noreferrer noopener\">Scarica<\/a><\/p>\n\n\n\n<p>IMPRINT <a class=\"button small orange\" href=\"\/wp-content\/uploads\/2025\/10\/DPIA-estratto-studio-IMPRINT-7980-10-25_signed.pdf\" target=\"_blank\" rel=\"noreferrer noopener\">Scarica<\/a><\/p>\n\n\n\n<p>PNRR-MCNT2-2023-12377229 <a class=\"button small orange\" href=\"\/wp-content\/uploads\/2025\/10\/DPIA-estratto-studio-MCNT2-2023-12377229-09-25_signed.pdf\">Scarica<\/a><\/p>\n\n\n\n<p>PITNET <a class=\"button small orange\" href=\"\/wp-content\/uploads\/2025\/10\/DPIA-estratto-studio-PITNET-6859-10-25_signed.pdf\" target=\"_blank\" rel=\"noreferrer noopener\">Scarica<\/a><\/p>\n\n\n\n<p>SENTICOL <a class=\"button small orange\" href=\"\/wp-content\/uploads\/2025\/10\/DPIA-estratto-studio-SENTICOL-8096-10-25_signed.pdf\" target=\"_blank\" rel=\"noreferrer noopener\">Scarica<\/a><\/p>\n\n\n\n<p>TESABIT <a class=\"button small orange\" href=\"\/wp-content\/uploads\/2025\/10\/DPIA-estratto-studio-TESABIT-7374-10-25_signed.pdf\" target=\"_blank\" rel=\"noreferrer noopener\">Scarica<\/a><\/p>\n\n\n\n<p>B3D <a class=\"button small orange\" href=\"\/wp-content\/uploads\/2025\/10\/DPIA-B3D-18.06.2025-estratto-_signed.pdf\" target=\"_blank\" rel=\"noreferrer noopener\">Scarica<\/a><\/p>\n\n\n\n<p>ENDORSE <a class=\"button small orange\" href=\"\/wp-content\/uploads\/2025\/10\/DPIA-estratto-studio-ENDORSE-09-25_signed.pdf\" target=\"_blank\" rel=\"noreferrer noopener\">Scarica<\/a><\/p>\n\n\n\n<p>RIDER <a class=\"button small orange\" href=\"\/wp-content\/uploads\/2025\/10\/DPIA-estratto-studio-RIDER-09-25_signed.pdf\" target=\"_blank\" rel=\"noreferrer noopener\">Scarica<\/a><\/p>\n\n\n\n<p>ROAR <a class=\"button small orange\" href=\"\/wp-content\/uploads\/2025\/10\/DPIA-estratto-studio-ROAR-09-25_signed.pdf\" target=\"_blank\" rel=\"noreferrer noopener\">Scarica<\/a><\/p>\n\n\n\n<p>SAA-BMT <a class=\"button small orange\" href=\"\/wp-content\/uploads\/2025\/11\/DPIA-estratto-studio-SAA-BMT-8066-10-25_signed.pdf\">Scarica<\/a><\/p>\n\n\n\n<p>ROMANTIC <a class=\"button small orange\" href=\"\/wp-content\/uploads\/2025\/11\/DPIA-estratto-studio-ROMANTIC-3994-10-25_signed.pdf\">Scarica<\/a><\/p>\n\n\n\n<p>RELEGIO <a href=\"https:\/\/www.policlinicogemelli.it\/wp-content\/uploads\/2025\/12\/DPIA-estratto-studio-RELEGIO-7491-11-25_signed-1.pdf\">Scarica<\/a><\/p>\n\n\n\n<p>DORI <a href=\"https:\/\/www.policlinicogemelli.it\/wp-content\/uploads\/2025\/12\/DPIA-estratto-studio-8077-DORI-10-25_signed.pdf\">Scarica<\/a><\/p>\n\n\n\n<p>ENDOSTAR <a href=\"https:\/\/www.policlinicogemelli.it\/wp-content\/uploads\/2025\/12\/DPIA-estratto-studio-8188-ENDOSTAR-17-12-202_signed.pdf\">Scarica<\/a><\/p>\n\n\n\n<p>AGHD <a href=\"https:\/\/www.policlinicogemelli.it\/wp-content\/uploads\/2025\/12\/DPIA-estratto-studio-AGHD-8082-17-12-202_signed.pdf\">Scarica<\/a><\/p>\n\n\n\n<p>ESPRON <a href=\"https:\/\/www.policlinicogemelli.it\/wp-content\/uploads\/2025\/12\/DPIA-estratto-studio-ESPRON-7857-17-12-202_signed.pdf\">Scarica<\/a><\/p>\n\n\n\n<p>GYNAEDES <a href=\"https:\/\/www.policlinicogemelli.it\/wp-content\/uploads\/2025\/12\/DPIA-studio-8189-GYNAEDES-estratto-17-12-2025_signed.pdf\">Scarica<\/a><\/p>\n\n\n\n<p>NEO-HFOV <a href=\"https:\/\/www.policlinicogemelli.it\/wp-content\/uploads\/2025\/12\/DPIA-studio-8210-NEO-HFOV-estratto-17-12-2025_signed.pdf\">Scarica<\/a><\/p>\n\n\n\n<p>ICG-CD <a href=\"https:\/\/www.policlinicogemelli.it\/wp-content\/uploads\/2025\/12\/DPIA-studio-8228-ICG-CD-estratto-17-12-2025_signed.pdf\">Scarica<\/a><\/p>\n\n\n\n<p>HIPEC <a href=\"https:\/\/www.policlinicogemelli.it\/wp-content\/uploads\/2025\/12\/DPIA-studio-HIPEC-7191-estratto-10-2025_signed.pdf\">Scarica<\/a><\/p>\n\n\n\n<p>EVER-SAFE <a href=\"https:\/\/www.policlinicogemelli.it\/wp-content\/uploads\/2025\/12\/DPIA-estratto-studio-EVER-SAFE-8176-11-25_signed.pdf\">Scarica<\/a><\/p>\n\n\n\n<p>PREP <a href=\"https:\/\/www.policlinicogemelli.it\/wp-content\/uploads\/2025\/12\/DPIA-estratto-studio-PREP-8162-11-25_signed.pdf\">Scarica<\/a><\/p>\n\n\n\n<p>S-MASH <a href=\"https:\/\/www.policlinicogemelli.it\/wp-content\/uploads\/2025\/12\/DPIA-estratto-studio-S-MASH-7761-11-25_signed.pdf\">Scarica<\/a><\/p>\n\n\n\n<p><\/p>\n<\/div><\/div>\n<\/div>\n\n\n\n<p><\/p>\n","protected":false},"excerpt":{"rendered":"<p>Gentile Utente,all\u2019interno della presente sezione potr\u00e0 trovare informazioni utili relative alle attivit\u00e0 di trattamento dei dati personali svolte presso la Fondazione Policlinico Universitario Agostino Gemelli IRCCS. \u00c8 possibile rivolgersi al Data Protection Officer per tutte le questioni inerenti la protezione dei dati, scrivendo all\u2019indirizzo email: dpo@policlinicogemelli.it Informative e DPIA<\/p>\n","protected":false},"author":3,"featured_media":0,"parent":20924,"menu_order":0,"comment_status":"closed","ping_status":"closed","template":"templates\/page-kf-full.php","meta":{"_acf_changed":false,"_coblocks_attr":"","_coblocks_dimensions":"","_coblocks_responsive_height":"","_coblocks_accordion_ie_support":"","_genesis_hide_title":false,"_genesis_hide_breadcrumbs":false,"_genesis_hide_singular_image":false,"_genesis_hide_footer_widgets":false,"_genesis_custom_body_class":"","_genesis_custom_post_class":"","_genesis_layout":"","footnotes":""},"class_list":{"0":"post-38054","1":"page","2":"type-page","3":"status-publish","5":"entry"},"acf":[],"yoast_head":"<!-- This site is optimized with the Yoast SEO plugin v27.5 - https:\/\/yoast.com\/product\/yoast-seo-wordpress\/ -->\n<title>Privacy e Protezione dei dati Personali - Policlinico Universitario Agostino Gemelli IRCCS<\/title>\n<meta name=\"robots\" content=\"index, follow, max-snippet:-1, max-image-preview:large, max-video-preview:-1\" \/>\n<link rel=\"canonical\" href=\"https:\/\/www.policlinicogemelli.it\/en\/patient-services\/privacy-e-protezione-dei-dati-personali\/\" \/>\n<meta property=\"og:locale\" content=\"en_US\" \/>\n<meta property=\"og:type\" content=\"article\" \/>\n<meta property=\"og:title\" content=\"Privacy e Protezione dei dati Personali - Policlinico Universitario Agostino Gemelli IRCCS\" \/>\n<meta property=\"og:description\" content=\"Gentile Utente,all\u2019interno della presente sezione potr\u00e0 trovare informazioni utili relative alle attivit\u00e0 di trattamento dei dati personali svolte presso la Fondazione Policlinico Universitario Agostino Gemelli IRCCS. \u00c8 possibile rivolgersi al Data Protection Officer per tutte le questioni inerenti la protezione dei dati, scrivendo all\u2019indirizzo email: dpo@policlinicogemelli.it Informative e DPIA\" \/>\n<meta property=\"og:url\" content=\"https:\/\/www.policlinicogemelli.it\/en\/patient-services\/privacy-e-protezione-dei-dati-personali\/\" \/>\n<meta property=\"og:site_name\" content=\"Policlinico Universitario Agostino Gemelli IRCCS\" \/>\n<meta property=\"article:modified_time\" content=\"2026-01-27T11:59:33+00:00\" \/>\n<meta property=\"og:image\" content=\"https:\/\/www.policlinicogemelli.it\/wp-content\/uploads\/2023\/06\/Share_Gemelli.png\" \/>\n\t<meta property=\"og:image:width\" content=\"1200\" \/>\n\t<meta property=\"og:image:height\" content=\"630\" \/>\n\t<meta property=\"og:image:type\" content=\"image\/png\" \/>\n<meta name=\"twitter:card\" content=\"summary_large_image\" \/>\n<meta name=\"twitter:label1\" content=\"Est. reading time\" \/>\n\t<meta name=\"twitter:data1\" content=\"3 minutes\" \/>\n<script type=\"application\/ld+json\" class=\"yoast-schema-graph\">{\"@context\":\"https:\\\/\\\/schema.org\",\"@graph\":[{\"@type\":\"WebPage\",\"@id\":\"https:\\\/\\\/www.policlinicogemelli.it\\\/en\\\/patient-services\\\/privacy-e-protezione-dei-dati-personali\\\/\",\"url\":\"https:\\\/\\\/www.policlinicogemelli.it\\\/en\\\/patient-services\\\/privacy-e-protezione-dei-dati-personali\\\/\",\"name\":\"Privacy e Protezione dei dati Personali - Policlinico Universitario Agostino Gemelli IRCCS\",\"isPartOf\":{\"@id\":\"https:\\\/\\\/www.policlinicogemelli.it\\\/en\\\/#website\"},\"datePublished\":\"2021-07-22T12:58:34+00:00\",\"dateModified\":\"2026-01-27T11:59:33+00:00\",\"breadcrumb\":{\"@id\":\"https:\\\/\\\/www.policlinicogemelli.it\\\/en\\\/patient-services\\\/privacy-e-protezione-dei-dati-personali\\\/#breadcrumb\"},\"inLanguage\":\"en-US\",\"potentialAction\":[{\"@type\":\"ReadAction\",\"target\":[\"https:\\\/\\\/www.policlinicogemelli.it\\\/en\\\/patient-services\\\/privacy-e-protezione-dei-dati-personali\\\/\"]}]},{\"@type\":\"BreadcrumbList\",\"@id\":\"https:\\\/\\\/www.policlinicogemelli.it\\\/en\\\/patient-services\\\/privacy-e-protezione-dei-dati-personali\\\/#breadcrumb\",\"itemListElement\":[{\"@type\":\"ListItem\",\"position\":1,\"name\":\"Home\",\"item\":\"https:\\\/\\\/www.policlinicogemelli.it\\\/en\\\/\"},{\"@type\":\"ListItem\",\"position\":2,\"name\":\"Patient Services\",\"item\":\"https:\\\/\\\/www.policlinicogemelli.it\\\/en\\\/patient-services\\\/\"},{\"@type\":\"ListItem\",\"position\":3,\"name\":\"Privacy e Protezione dei dati Personali\"}]},{\"@type\":\"WebSite\",\"@id\":\"https:\\\/\\\/www.policlinicogemelli.it\\\/en\\\/#website\",\"url\":\"https:\\\/\\\/www.policlinicogemelli.it\\\/en\\\/\",\"name\":\"Policlinico Universitario Agostino Gemelli IRCCS\",\"description\":\"Policlinico Universitario Agostino Gemelli IRCCS\",\"publisher\":{\"@id\":\"https:\\\/\\\/www.policlinicogemelli.it\\\/en\\\/#organization\"},\"potentialAction\":[{\"@type\":\"SearchAction\",\"target\":{\"@type\":\"EntryPoint\",\"urlTemplate\":\"https:\\\/\\\/www.policlinicogemelli.it\\\/en\\\/?s={search_term_string}\"},\"query-input\":{\"@type\":\"PropertyValueSpecification\",\"valueRequired\":true,\"valueName\":\"search_term_string\"}}],\"inLanguage\":\"en-US\"},{\"@type\":\"Organization\",\"@id\":\"https:\\\/\\\/www.policlinicogemelli.it\\\/en\\\/#organization\",\"name\":\"Policlinico Universitario Agostino Gemelli IRCCS\",\"url\":\"https:\\\/\\\/www.policlinicogemelli.it\\\/en\\\/\",\"logo\":{\"@type\":\"ImageObject\",\"inLanguage\":\"en-US\",\"@id\":\"https:\\\/\\\/www.policlinicogemelli.it\\\/en\\\/#\\\/schema\\\/logo\\\/image\\\/\",\"url\":\"https:\\\/\\\/www.policlinicogemelli.it\\\/wp-content\\\/uploads\\\/2019\\\/02\\\/logo-policlinico-gemelli-250-trasp-color-1.png\",\"contentUrl\":\"https:\\\/\\\/www.policlinicogemelli.it\\\/wp-content\\\/uploads\\\/2019\\\/02\\\/logo-policlinico-gemelli-250-trasp-color-1.png\",\"width\":250,\"height\":82,\"caption\":\"Policlinico Universitario Agostino Gemelli IRCCS\"},\"image\":{\"@id\":\"https:\\\/\\\/www.policlinicogemelli.it\\\/en\\\/#\\\/schema\\\/logo\\\/image\\\/\"}}]}<\/script>\n<!-- \/ Yoast SEO plugin. -->","yoast_head_json":{"title":"Privacy e Protezione dei dati Personali - Policlinico Universitario Agostino Gemelli IRCCS","robots":{"index":"index","follow":"follow","max-snippet":"max-snippet:-1","max-image-preview":"max-image-preview:large","max-video-preview":"max-video-preview:-1"},"canonical":"https:\/\/www.policlinicogemelli.it\/en\/patient-services\/privacy-e-protezione-dei-dati-personali\/","og_locale":"en_US","og_type":"article","og_title":"Privacy e Protezione dei dati Personali - Policlinico Universitario Agostino Gemelli IRCCS","og_description":"Gentile Utente,all\u2019interno della presente sezione potr\u00e0 trovare informazioni utili relative alle attivit\u00e0 di trattamento dei dati personali svolte presso la Fondazione Policlinico Universitario Agostino Gemelli IRCCS. \u00c8 possibile rivolgersi al Data Protection Officer per tutte le questioni inerenti la protezione dei dati, scrivendo all\u2019indirizzo email: dpo@policlinicogemelli.it Informative e DPIA","og_url":"https:\/\/www.policlinicogemelli.it\/en\/patient-services\/privacy-e-protezione-dei-dati-personali\/","og_site_name":"Policlinico Universitario Agostino Gemelli IRCCS","article_modified_time":"2026-01-27T11:59:33+00:00","og_image":[{"width":1200,"height":630,"url":"https:\/\/www.policlinicogemelli.it\/wp-content\/uploads\/2023\/06\/Share_Gemelli.png","type":"image\/png"}],"twitter_card":"summary_large_image","twitter_misc":{"Est. reading time":"3 minutes"},"schema":{"@context":"https:\/\/schema.org","@graph":[{"@type":"WebPage","@id":"https:\/\/www.policlinicogemelli.it\/en\/patient-services\/privacy-e-protezione-dei-dati-personali\/","url":"https:\/\/www.policlinicogemelli.it\/en\/patient-services\/privacy-e-protezione-dei-dati-personali\/","name":"Privacy e Protezione dei dati Personali - Policlinico Universitario Agostino Gemelli IRCCS","isPartOf":{"@id":"https:\/\/www.policlinicogemelli.it\/en\/#website"},"datePublished":"2021-07-22T12:58:34+00:00","dateModified":"2026-01-27T11:59:33+00:00","breadcrumb":{"@id":"https:\/\/www.policlinicogemelli.it\/en\/patient-services\/privacy-e-protezione-dei-dati-personali\/#breadcrumb"},"inLanguage":"en-US","potentialAction":[{"@type":"ReadAction","target":["https:\/\/www.policlinicogemelli.it\/en\/patient-services\/privacy-e-protezione-dei-dati-personali\/"]}]},{"@type":"BreadcrumbList","@id":"https:\/\/www.policlinicogemelli.it\/en\/patient-services\/privacy-e-protezione-dei-dati-personali\/#breadcrumb","itemListElement":[{"@type":"ListItem","position":1,"name":"Home","item":"https:\/\/www.policlinicogemelli.it\/en\/"},{"@type":"ListItem","position":2,"name":"Patient Services","item":"https:\/\/www.policlinicogemelli.it\/en\/patient-services\/"},{"@type":"ListItem","position":3,"name":"Privacy e Protezione dei dati Personali"}]},{"@type":"WebSite","@id":"https:\/\/www.policlinicogemelli.it\/en\/#website","url":"https:\/\/www.policlinicogemelli.it\/en\/","name":"Policlinico Universitario Agostino Gemelli IRCCS","description":"Policlinico Universitario Agostino Gemelli IRCCS","publisher":{"@id":"https:\/\/www.policlinicogemelli.it\/en\/#organization"},"potentialAction":[{"@type":"SearchAction","target":{"@type":"EntryPoint","urlTemplate":"https:\/\/www.policlinicogemelli.it\/en\/?s={search_term_string}"},"query-input":{"@type":"PropertyValueSpecification","valueRequired":true,"valueName":"search_term_string"}}],"inLanguage":"en-US"},{"@type":"Organization","@id":"https:\/\/www.policlinicogemelli.it\/en\/#organization","name":"Policlinico Universitario Agostino Gemelli IRCCS","url":"https:\/\/www.policlinicogemelli.it\/en\/","logo":{"@type":"ImageObject","inLanguage":"en-US","@id":"https:\/\/www.policlinicogemelli.it\/en\/#\/schema\/logo\/image\/","url":"https:\/\/www.policlinicogemelli.it\/wp-content\/uploads\/2019\/02\/logo-policlinico-gemelli-250-trasp-color-1.png","contentUrl":"https:\/\/www.policlinicogemelli.it\/wp-content\/uploads\/2019\/02\/logo-policlinico-gemelli-250-trasp-color-1.png","width":250,"height":82,"caption":"Policlinico Universitario Agostino Gemelli IRCCS"},"image":{"@id":"https:\/\/www.policlinicogemelli.it\/en\/#\/schema\/logo\/image\/"}}]}},"featured_image_src":null,"featured_image_src_square":null,"rest_api_enabler":[],"_links":{"self":[{"href":"https:\/\/www.policlinicogemelli.it\/en\/wp-json\/wp\/v2\/pages\/38054","targetHints":{"allow":["GET"]}}],"collection":[{"href":"https:\/\/www.policlinicogemelli.it\/en\/wp-json\/wp\/v2\/pages"}],"about":[{"href":"https:\/\/www.policlinicogemelli.it\/en\/wp-json\/wp\/v2\/types\/page"}],"author":[{"embeddable":true,"href":"https:\/\/www.policlinicogemelli.it\/en\/wp-json\/wp\/v2\/users\/3"}],"replies":[{"embeddable":true,"href":"https:\/\/www.policlinicogemelli.it\/en\/wp-json\/wp\/v2\/comments?post=38054"}],"version-history":[{"count":2,"href":"https:\/\/www.policlinicogemelli.it\/en\/wp-json\/wp\/v2\/pages\/38054\/revisions"}],"predecessor-version":[{"id":74731,"href":"https:\/\/www.policlinicogemelli.it\/en\/wp-json\/wp\/v2\/pages\/38054\/revisions\/74731"}],"up":[{"embeddable":true,"href":"https:\/\/www.policlinicogemelli.it\/en\/wp-json\/wp\/v2\/pages\/20924"}],"wp:attachment":[{"href":"https:\/\/www.policlinicogemelli.it\/en\/wp-json\/wp\/v2\/media?parent=38054"}],"curies":[{"name":"wp","href":"https:\/\/api.w.org\/{rel}","templated":true}]}}