{"id":35511,"date":"2021-04-09T10:09:44","date_gmt":"2021-04-09T10:09:44","guid":{"rendered":"https:\/\/www.policlinicogemelli.it\/?page_id=35511"},"modified":"2023-10-05T21:27:01","modified_gmt":"2023-10-05T21:27:01","slug":"sitra","status":"publish","type":"page","link":"https:\/\/www.policlinicogemelli.it\/en\/information\/sitra\/","title":{"rendered":"SITRA"},"content":{"rendered":"\n<p><strong>Responsabile: <\/strong>Dott.ssa Carmen Nuzzo<\/p>\n\n\n\n<p>Il SITRA &#8211; Servizio Infermieristico, Tecnico, Riabilitativo, Aziendale &#8211; \u00e8 una UOC della Fondazione Policlinico Universitario Agostino Gemelli IRCCS.&nbsp;<\/p>\n\n\n\n<p>La U.O.C.&nbsp;&nbsp;SITRA si caratterizza come elemento di integrazione di sistema, con caratteristiche di programmazione, organizzazione e gestione dei processi per il governo clinico assistenziale delle funzioni connesse alle aree professionali, alla cura e salvaguardia della salute individuale e collettiva, in coerenza con le norme istitutive dei relativi profili professionali e degli specifici codici deontologici. &nbsp;<\/p>\n\n\n\n<p>La UOC SITRA, valorizzando le specifiche aree professionali, prevede funzioni e livelli di responsabilit\u00e0 diversi oltre che nell\u2019ambito programmatorio, gestionale e operativo anche nell\u2019ambito delle aree professionali.&nbsp;<\/p>\n\n\n\n<p>La UOC SITRA contribuisce a definire le linee strategiche relative ai processi ed ai programmi di competenza, oltre la responsabilit\u00e0 delle funzioni specifiche per le quali definisce:&nbsp;<\/p>\n\n\n\n<ul class=\"wp-block-list\">\n<li>gli indirizzi organizzativi e gestionali per il governo delle attivit\u00e0;&nbsp;<\/li>\n\n\n\n<li>gli obiettivi di qualit\u00e0 e dell\u2019efficienza tecnica ed operativa delle attivit\u00e0 assistenziali, tecniche, riabilitative nell\u2019ambito della cura e riabilitazione;&nbsp;<\/li>\n\n\n\n<li>lo sviluppo di nuovi modelli organizzativi anche tramite gli operatori di supporto;&nbsp;<\/li>\n\n\n\n<li>i criteri per l\u2019implementazione del governo clinico assistenziale;&nbsp;<\/li>\n\n\n\n<li>modelli organizzativi per il processo assistenziale (presa in carico, assistenza e continuit\u00e0 assistenziale);&nbsp;<\/li>\n\n\n\n<li>l\u2019identificazione dei bisogni formativi.&nbsp;<\/li>\n<\/ul>\n\n\n\n<p>La sua struttura \u00e8 rappresentata dalla Direzione e da otto Dipartimenti, paralleli alla suddivisione clinica della Fondazione stessa,&nbsp;alla guida di ciascuno degli otto dipartimenti c&#8217;\u00e8 un dirigente SITRA.&nbsp;Il SITRA Dipartimentale \u00e8 UOS afferente alla UOC SITRA in collegamento funzionale con il Direttore di Dipartimento. Il Responsabile della UOS \u00e8 un dirigente delle professioni sanitarie chiamato a pianificare l\u2019assistenza nel dipartimento attraverso l\u2019organizzazione del personale infermieristico, ostetrico, tecnico-sanitario, della riabilitazione e di supporto. Il conferimento dell\u2019incarico avviene con provvedimento degli Organi Direttivi su iniziativa del Direttore del SITRA.&nbsp;<\/p>\n\n\n\n<p>L&#8217;area della ricerca infermieristica \u00e8 affidata ad un dirigente professional del SITRA, impegnato oltre che nella ricerca clinica anche nella redazione di procedure per la standardizzazione dei comportamenti assistenziali, in task con gli uffici Qualit\u00e0 e Governo Clinico.&nbsp;<\/p>\n\n\n\n<p>I dirigenti SITRA&nbsp;sono sostenuti dal contributo di otto coordinatori&nbsp;SITRA che collaborano con il dirigente per la gestione delle risorse professionali e di supporto,&nbsp;l&#8217;implementazione di modelli e procedure&nbsp;assistenziali,&nbsp; oltre al supporto nell&#8217;introduzione e monitoraggio delle strategie operative.&nbsp;<\/p>\n\n\n\n<p>La formazione \u00e8 affidata ad un dirigente SITRA con responsabilit\u00e0 nella formazione universitaria di base e nella formazione permanente, in una collocazione strategica in tandem con l&#8217;Universit\u00e0 Cattolica del Sacro Cuore.&nbsp;<\/p>\n\n\n\n<p>Il SITRA contribuisce anche al Risk Management, con la presenza di un coordinatore che si pone come connettore tra la struttura ed il processo di diffusione interna.&nbsp;<\/p>\n\n\n\n<p>Molti altri sono i settori nei quali il contributo del SITRA raggiunge una posizione nelle dinamiche di coordinamento o di direzione, come ad esempio nelle strutture di logistica trasposto interno degli assistiti nei rapporti con le aziende partner per quanto concerne gli aspetti legati alla qualit\u00e0.<\/p>\n\n\n<style>.kb-row-layout-id_65471c-f5 > .kt-row-column-wrap{align-content:start;}:where(.kb-row-layout-id_65471c-f5 > .kt-row-column-wrap) > .wp-block-kadence-column{justify-content:start;}.kb-row-layout-id_65471c-f5 > .kt-row-column-wrap{column-gap:var(--global-kb-gap-md, 2rem);row-gap:var(--global-kb-gap-md, 2rem);padding-top:0px;padding-bottom:25px;grid-template-columns:minmax(0, 1fr);}.kb-row-layout-id_65471c-f5 > .kt-row-layout-overlay{opacity:0.30;}@media all and (max-width: 1024px){.kb-row-layout-id_65471c-f5 > .kt-row-column-wrap{grid-template-columns:minmax(0, 1fr);}}@media all and (max-width: 767px){.kb-row-layout-id_65471c-f5 > .kt-row-column-wrap{grid-template-columns:minmax(0, 1fr);}}<\/style><div class=\"kb-row-layout-wrap kb-row-layout-id_65471c-f5 alignnone wp-block-kadence-rowlayout\"><div class=\"kt-row-column-wrap kt-has-1-columns kt-row-layout-equal kt-tab-layout-inherit kt-mobile-layout-row kt-row-valign-top\">\n<style>.kadence-column_cfbb02-d2 > .kt-inside-inner-col,.kadence-column_cfbb02-d2 > .kt-inside-inner-col:before{border-top-left-radius:0px;border-top-right-radius:0px;border-bottom-right-radius:0px;border-bottom-left-radius:0px;}.kadence-column_cfbb02-d2 > .kt-inside-inner-col{column-gap:var(--global-kb-gap-sm, 1rem);}.kadence-column_cfbb02-d2 > .kt-inside-inner-col{flex-direction:column;}.kadence-column_cfbb02-d2 > .kt-inside-inner-col > .aligncenter{width:100%;}.kadence-column_cfbb02-d2 > .kt-inside-inner-col:before{opacity:0.3;}.kadence-column_cfbb02-d2{position:relative;}@media all and (max-width: 1024px){.kadence-column_cfbb02-d2 > .kt-inside-inner-col{flex-direction:column;justify-content:center;}}@media all and (max-width: 767px){.kadence-column_cfbb02-d2 > .kt-inside-inner-col{flex-direction:column;justify-content:center;}}<\/style>\n<div class=\"wp-block-kadence-column kadence-column_cfbb02-d2 inner-column-1\"><div class=\"kt-inside-inner-col\"><style>.kb-row-layout-id_3a3f5c-5f > .kt-row-column-wrap{align-content:center;}:where(.kb-row-layout-id_3a3f5c-5f > .kt-row-column-wrap) > .wp-block-kadence-column{justify-content:center;}.kb-row-layout-id_3a3f5c-5f > .kt-row-column-wrap{column-gap:var(--global-kb-gap-md, 2rem);row-gap:var(--global-kb-gap-md, 2rem);padding-top:var(--global-kb-spacing-sm, 1.5rem);padding-bottom:var(--global-kb-spacing-sm, 1.5rem);grid-template-columns:minmax(0, calc(45% - ((var(--global-kb-gap-md, 2rem) * 2 )\/3)))minmax(0, calc(10% - ((var(--global-kb-gap-md, 2rem) * 2 )\/3)))minmax(0, calc(45% - ((var(--global-kb-gap-md, 2rem) * 2 )\/3)));}.kb-row-layout-id_3a3f5c-5f{background-color:#e2e2e2;}.kb-row-layout-id_3a3f5c-5f > .kt-row-layout-overlay{opacity:0.30;}@media all and (max-width: 1024px){.kb-row-layout-id_3a3f5c-5f > .kt-row-column-wrap > div:not(.added-for-specificity){grid-column:initial;}}@media all and (max-width: 1024px){.kb-row-layout-id_3a3f5c-5f > .kt-row-column-wrap{grid-template-columns:repeat(3, minmax(0, 1fr));}}@media all and (max-width: 767px){.kb-row-layout-id_3a3f5c-5f > .kt-row-column-wrap > div:not(.added-for-specificity){grid-column:initial;}.kb-row-layout-id_3a3f5c-5f > .kt-row-column-wrap{grid-template-columns:minmax(0, 1fr);}}<\/style><div class=\"kb-row-layout-wrap kb-row-layout-id_3a3f5c-5f alignnone kt-row-has-bg wp-block-kadence-rowlayout\"><div class=\"kt-row-column-wrap kt-has-3-columns kt-row-layout-equal kt-tab-layout-inherit kt-mobile-layout-row kt-row-valign-middle\">\n<style>.kadence-column_a2abe1-cc > .kt-inside-inner-col,.kadence-column_a2abe1-cc > .kt-inside-inner-col:before{border-top-left-radius:0px;border-top-right-radius:0px;border-bottom-right-radius:0px;border-bottom-left-radius:0px;}.kadence-column_a2abe1-cc > .kt-inside-inner-col{column-gap:var(--global-kb-gap-sm, 1rem);}.kadence-column_a2abe1-cc > .kt-inside-inner-col{flex-direction:column;}.kadence-column_a2abe1-cc > .kt-inside-inner-col > .aligncenter{width:100%;}.kadence-column_a2abe1-cc > .kt-inside-inner-col:before{opacity:0.3;}.kadence-column_a2abe1-cc{position:relative;}@media all and (max-width: 1024px){.kadence-column_a2abe1-cc > .kt-inside-inner-col{flex-direction:column;justify-content:center;}}@media all and (max-width: 767px){.kadence-column_a2abe1-cc > .kt-inside-inner-col{flex-direction:column;justify-content:center;}}<\/style>\n<div class=\"wp-block-kadence-column kadence-column_a2abe1-cc inner-column-1\"><div class=\"kt-inside-inner-col\">\n<figure class=\"wp-block-image size-large\"><a href=\"https:\/\/opi.roma.it\/\" target=\"_blank\" rel=\"noopener\"><img loading=\"lazy\" decoding=\"async\" width=\"445\" height=\"102\" src=\"https:\/\/www.policlinicogemelli.it\/wp-content\/uploads\/2021\/04\/logo-opi-romaX2.png\" alt=\"\" class=\"wp-image-35516\"\/><\/a><\/figure>\n<\/div><\/div>\n\n\n<style>.kadence-column_8dfd98-3b > .kt-inside-inner-col,.kadence-column_8dfd98-3b > .kt-inside-inner-col:before{border-top-left-radius:0px;border-top-right-radius:0px;border-bottom-right-radius:0px;border-bottom-left-radius:0px;}.kadence-column_8dfd98-3b > .kt-inside-inner-col{column-gap:var(--global-kb-gap-sm, 1rem);}.kadence-column_8dfd98-3b > .kt-inside-inner-col{flex-direction:column;}.kadence-column_8dfd98-3b > .kt-inside-inner-col > .aligncenter{width:100%;}.kadence-column_8dfd98-3b > .kt-inside-inner-col:before{opacity:0.3;}.kadence-column_8dfd98-3b{position:relative;}@media all and (max-width: 1024px){.kadence-column_8dfd98-3b > .kt-inside-inner-col{flex-direction:column;justify-content:center;}}@media all and (max-width: 767px){.kadence-column_8dfd98-3b > .kt-inside-inner-col{flex-direction:column;justify-content:center;}}<\/style>\n<div class=\"wp-block-kadence-column kadence-column_8dfd98-3b inner-column-2\"><div class=\"kt-inside-inner-col\"><\/div><\/div>\n\n\n<style>.kadence-column_526d3f-b9 > .kt-inside-inner-col,.kadence-column_526d3f-b9 > .kt-inside-inner-col:before{border-top-left-radius:0px;border-top-right-radius:0px;border-bottom-right-radius:0px;border-bottom-left-radius:0px;}.kadence-column_526d3f-b9 > .kt-inside-inner-col{column-gap:var(--global-kb-gap-sm, 1rem);}.kadence-column_526d3f-b9 > .kt-inside-inner-col{flex-direction:column;}.kadence-column_526d3f-b9 > .kt-inside-inner-col > .aligncenter{width:100%;}.kadence-column_526d3f-b9 > .kt-inside-inner-col:before{opacity:0.3;}.kadence-column_526d3f-b9{position:relative;}@media all and (max-width: 1024px){.kadence-column_526d3f-b9 > .kt-inside-inner-col{flex-direction:column;justify-content:center;}}@media all and (max-width: 767px){.kadence-column_526d3f-b9 > .kt-inside-inner-col{flex-direction:column;justify-content:center;}}<\/style>\n<div class=\"wp-block-kadence-column kadence-column_526d3f-b9 inner-column-3\"><div class=\"kt-inside-inner-col\">\n<figure class=\"wp-block-image size-large is-resized\"><a href=\"https:\/\/www.fnopi.it\/\" target=\"_blank\" rel=\"noopener\"><img loading=\"lazy\" decoding=\"async\" src=\"https:\/\/www.policlinicogemelli.it\/wp-content\/uploads\/2021\/04\/fnopi-logo.png\" alt=\"\" class=\"wp-image-35518\" width=\"287\" height=\"103\"\/><\/a><\/figure>\n<\/div><\/div>\n\n<\/div><\/div>\n\n\n<p><\/p>\n<\/div><\/div>\n\n<\/div><\/div>","protected":false},"excerpt":{"rendered":"<p>Responsabile: Dott.ssa Carmen Nuzzo Il SITRA &#8211; Servizio Infermieristico, Tecnico, Riabilitativo, Aziendale &#8211; \u00e8 una UOC della Fondazione Policlinico Universitario Agostino Gemelli IRCCS.&nbsp; La U.O.C.&nbsp;&nbsp;SITRA si caratterizza come elemento di integrazione di sistema, con caratteristiche di programmazione, organizzazione e gestione dei processi per il governo clinico assistenziale delle funzioni connesse alle aree professionali, alla cura [&hellip;]<\/p>\n","protected":false},"author":3,"featured_media":0,"parent":19332,"menu_order":0,"comment_status":"closed","ping_status":"closed","template":"templates\/page-kf-full.php","meta":{"_acf_changed":false,"_coblocks_attr":"","_coblocks_dimensions":"","_coblocks_responsive_height":"","_coblocks_accordion_ie_support":"","_genesis_hide_title":false,"_genesis_hide_breadcrumbs":false,"_genesis_hide_singular_image":false,"_genesis_hide_footer_widgets":false,"_genesis_custom_body_class":"","_genesis_custom_post_class":"","_genesis_layout":"","footnotes":""},"class_list":{"0":"post-35511","1":"page","2":"type-page","3":"status-publish","5":"entry","6":"has-post-thumbnail"},"acf":[],"yoast_head":"<!-- This site is optimized with the Yoast SEO plugin v27.4 - https:\/\/yoast.com\/product\/yoast-seo-wordpress\/ -->\n<title>Servizio Infermieristico Tecnico Riabilitativo Aziendale | Policlinico Gemelli<\/title>\n<meta name=\"description\" content=\"Il SITRA \u00e8 il Servizio Infermieristico, Tecnico, Riabilitativo, Aziendale ed \u00e8 una Unit\u00e0 Operativa Complessa del Policlinico Gemelli di Roma\" \/>\n<meta name=\"robots\" content=\"index, follow, max-snippet:-1, max-image-preview:large, max-video-preview:-1\" \/>\n<link rel=\"canonical\" href=\"https:\/\/www.policlinicogemelli.it\/en\/information\/sitra\/\" \/>\n<meta property=\"og:locale\" content=\"en_US\" \/>\n<meta property=\"og:type\" content=\"article\" \/>\n<meta property=\"og:title\" content=\"Servizio Infermieristico Tecnico Riabilitativo Aziendale | Policlinico Gemelli\" \/>\n<meta property=\"og:description\" content=\"Il SITRA \u00e8 il Servizio Infermieristico, Tecnico, Riabilitativo, Aziendale ed \u00e8 una Unit\u00e0 Operativa Complessa del Policlinico Gemelli di Roma\" \/>\n<meta property=\"og:url\" content=\"https:\/\/www.policlinicogemelli.it\/en\/information\/sitra\/\" \/>\n<meta property=\"og:site_name\" content=\"Policlinico Universitario Agostino Gemelli IRCCS\" \/>\n<meta property=\"article:modified_time\" content=\"2023-10-05T21:27:01+00:00\" \/>\n<meta property=\"og:image\" content=\"https:\/\/www.policlinicogemelli.it\/wp-content\/uploads\/2021\/04\/logo-opi-romaX2.png\" \/>\n<meta name=\"twitter:card\" content=\"summary_large_image\" \/>\n<meta name=\"twitter:label1\" content=\"Est. reading time\" \/>\n\t<meta name=\"twitter:data1\" content=\"1 minute\" \/>\n<script type=\"application\/ld+json\" class=\"yoast-schema-graph\">{\"@context\":\"https:\\\/\\\/schema.org\",\"@graph\":[{\"@type\":\"WebPage\",\"@id\":\"https:\\\/\\\/www.policlinicogemelli.it\\\/en\\\/information\\\/sitra\\\/\",\"url\":\"https:\\\/\\\/www.policlinicogemelli.it\\\/en\\\/information\\\/sitra\\\/\",\"name\":\"Servizio Infermieristico Tecnico Riabilitativo Aziendale | Policlinico Gemelli\",\"isPartOf\":{\"@id\":\"https:\\\/\\\/www.policlinicogemelli.it\\\/en\\\/#website\"},\"primaryImageOfPage\":{\"@id\":\"https:\\\/\\\/www.policlinicogemelli.it\\\/en\\\/information\\\/sitra\\\/#primaryimage\"},\"image\":{\"@id\":\"https:\\\/\\\/www.policlinicogemelli.it\\\/en\\\/information\\\/sitra\\\/#primaryimage\"},\"thumbnailUrl\":\"https:\\\/\\\/www.policlinicogemelli.it\\\/wp-content\\\/uploads\\\/2021\\\/04\\\/logo-opi-romaX2.png\",\"datePublished\":\"2021-04-09T10:09:44+00:00\",\"dateModified\":\"2023-10-05T21:27:01+00:00\",\"description\":\"Il SITRA \u00e8 il Servizio Infermieristico, Tecnico, Riabilitativo, Aziendale ed \u00e8 una Unit\u00e0 Operativa Complessa del Policlinico Gemelli di Roma\",\"breadcrumb\":{\"@id\":\"https:\\\/\\\/www.policlinicogemelli.it\\\/en\\\/information\\\/sitra\\\/#breadcrumb\"},\"inLanguage\":\"en-US\",\"potentialAction\":[{\"@type\":\"ReadAction\",\"target\":[\"https:\\\/\\\/www.policlinicogemelli.it\\\/en\\\/information\\\/sitra\\\/\"]}]},{\"@type\":\"ImageObject\",\"inLanguage\":\"en-US\",\"@id\":\"https:\\\/\\\/www.policlinicogemelli.it\\\/en\\\/information\\\/sitra\\\/#primaryimage\",\"url\":\"https:\\\/\\\/www.policlinicogemelli.it\\\/wp-content\\\/uploads\\\/2021\\\/04\\\/logo-opi-romaX2.png\",\"contentUrl\":\"https:\\\/\\\/www.policlinicogemelli.it\\\/wp-content\\\/uploads\\\/2021\\\/04\\\/logo-opi-romaX2.png\"},{\"@type\":\"BreadcrumbList\",\"@id\":\"https:\\\/\\\/www.policlinicogemelli.it\\\/en\\\/information\\\/sitra\\\/#breadcrumb\",\"itemListElement\":[{\"@type\":\"ListItem\",\"position\":1,\"name\":\"Home\",\"item\":\"https:\\\/\\\/www.policlinicogemelli.it\\\/en\\\/\"},{\"@type\":\"ListItem\",\"position\":2,\"name\":\"The Policlinico\",\"item\":\"https:\\\/\\\/www.policlinicogemelli.it\\\/en\\\/information\\\/\"},{\"@type\":\"ListItem\",\"position\":3,\"name\":\"SITRA\"}]},{\"@type\":\"WebSite\",\"@id\":\"https:\\\/\\\/www.policlinicogemelli.it\\\/en\\\/#website\",\"url\":\"https:\\\/\\\/www.policlinicogemelli.it\\\/en\\\/\",\"name\":\"Policlinico Universitario Agostino Gemelli IRCCS\",\"description\":\"Policlinico Universitario Agostino Gemelli IRCCS\",\"publisher\":{\"@id\":\"https:\\\/\\\/www.policlinicogemelli.it\\\/en\\\/#organization\"},\"potentialAction\":[{\"@type\":\"SearchAction\",\"target\":{\"@type\":\"EntryPoint\",\"urlTemplate\":\"https:\\\/\\\/www.policlinicogemelli.it\\\/en\\\/?s={search_term_string}\"},\"query-input\":{\"@type\":\"PropertyValueSpecification\",\"valueRequired\":true,\"valueName\":\"search_term_string\"}}],\"inLanguage\":\"en-US\"},{\"@type\":\"Organization\",\"@id\":\"https:\\\/\\\/www.policlinicogemelli.it\\\/en\\\/#organization\",\"name\":\"Policlinico Universitario Agostino Gemelli IRCCS\",\"url\":\"https:\\\/\\\/www.policlinicogemelli.it\\\/en\\\/\",\"logo\":{\"@type\":\"ImageObject\",\"inLanguage\":\"en-US\",\"@id\":\"https:\\\/\\\/www.policlinicogemelli.it\\\/en\\\/#\\\/schema\\\/logo\\\/image\\\/\",\"url\":\"https:\\\/\\\/www.policlinicogemelli.it\\\/wp-content\\\/uploads\\\/2019\\\/02\\\/logo-policlinico-gemelli-250-trasp-color-1.png\",\"contentUrl\":\"https:\\\/\\\/www.policlinicogemelli.it\\\/wp-content\\\/uploads\\\/2019\\\/02\\\/logo-policlinico-gemelli-250-trasp-color-1.png\",\"width\":250,\"height\":82,\"caption\":\"Policlinico Universitario Agostino Gemelli IRCCS\"},\"image\":{\"@id\":\"https:\\\/\\\/www.policlinicogemelli.it\\\/en\\\/#\\\/schema\\\/logo\\\/image\\\/\"}}]}<\/script>\n<!-- \/ Yoast SEO plugin. -->","yoast_head_json":{"title":"Servizio Infermieristico Tecnico Riabilitativo Aziendale | Policlinico Gemelli","description":"Il SITRA \u00e8 il Servizio Infermieristico, Tecnico, Riabilitativo, Aziendale ed \u00e8 una Unit\u00e0 Operativa Complessa del Policlinico Gemelli di Roma","robots":{"index":"index","follow":"follow","max-snippet":"max-snippet:-1","max-image-preview":"max-image-preview:large","max-video-preview":"max-video-preview:-1"},"canonical":"https:\/\/www.policlinicogemelli.it\/en\/information\/sitra\/","og_locale":"en_US","og_type":"article","og_title":"Servizio Infermieristico Tecnico Riabilitativo Aziendale | Policlinico Gemelli","og_description":"Il SITRA \u00e8 il Servizio Infermieristico, Tecnico, Riabilitativo, Aziendale ed \u00e8 una Unit\u00e0 Operativa Complessa del Policlinico Gemelli di Roma","og_url":"https:\/\/www.policlinicogemelli.it\/en\/information\/sitra\/","og_site_name":"Policlinico Universitario Agostino Gemelli IRCCS","article_modified_time":"2023-10-05T21:27:01+00:00","og_image":[{"url":"https:\/\/www.policlinicogemelli.it\/wp-content\/uploads\/2021\/04\/logo-opi-romaX2.png","type":"","width":"","height":""}],"twitter_card":"summary_large_image","twitter_misc":{"Est. reading time":"1 minute"},"schema":{"@context":"https:\/\/schema.org","@graph":[{"@type":"WebPage","@id":"https:\/\/www.policlinicogemelli.it\/en\/information\/sitra\/","url":"https:\/\/www.policlinicogemelli.it\/en\/information\/sitra\/","name":"Servizio Infermieristico Tecnico Riabilitativo Aziendale | Policlinico Gemelli","isPartOf":{"@id":"https:\/\/www.policlinicogemelli.it\/en\/#website"},"primaryImageOfPage":{"@id":"https:\/\/www.policlinicogemelli.it\/en\/information\/sitra\/#primaryimage"},"image":{"@id":"https:\/\/www.policlinicogemelli.it\/en\/information\/sitra\/#primaryimage"},"thumbnailUrl":"https:\/\/www.policlinicogemelli.it\/wp-content\/uploads\/2021\/04\/logo-opi-romaX2.png","datePublished":"2021-04-09T10:09:44+00:00","dateModified":"2023-10-05T21:27:01+00:00","description":"Il SITRA \u00e8 il Servizio Infermieristico, Tecnico, Riabilitativo, Aziendale ed \u00e8 una Unit\u00e0 Operativa Complessa del Policlinico Gemelli di Roma","breadcrumb":{"@id":"https:\/\/www.policlinicogemelli.it\/en\/information\/sitra\/#breadcrumb"},"inLanguage":"en-US","potentialAction":[{"@type":"ReadAction","target":["https:\/\/www.policlinicogemelli.it\/en\/information\/sitra\/"]}]},{"@type":"ImageObject","inLanguage":"en-US","@id":"https:\/\/www.policlinicogemelli.it\/en\/information\/sitra\/#primaryimage","url":"https:\/\/www.policlinicogemelli.it\/wp-content\/uploads\/2021\/04\/logo-opi-romaX2.png","contentUrl":"https:\/\/www.policlinicogemelli.it\/wp-content\/uploads\/2021\/04\/logo-opi-romaX2.png"},{"@type":"BreadcrumbList","@id":"https:\/\/www.policlinicogemelli.it\/en\/information\/sitra\/#breadcrumb","itemListElement":[{"@type":"ListItem","position":1,"name":"Home","item":"https:\/\/www.policlinicogemelli.it\/en\/"},{"@type":"ListItem","position":2,"name":"The Policlinico","item":"https:\/\/www.policlinicogemelli.it\/en\/information\/"},{"@type":"ListItem","position":3,"name":"SITRA"}]},{"@type":"WebSite","@id":"https:\/\/www.policlinicogemelli.it\/en\/#website","url":"https:\/\/www.policlinicogemelli.it\/en\/","name":"Policlinico Universitario Agostino Gemelli IRCCS","description":"Policlinico Universitario Agostino Gemelli IRCCS","publisher":{"@id":"https:\/\/www.policlinicogemelli.it\/en\/#organization"},"potentialAction":[{"@type":"SearchAction","target":{"@type":"EntryPoint","urlTemplate":"https:\/\/www.policlinicogemelli.it\/en\/?s={search_term_string}"},"query-input":{"@type":"PropertyValueSpecification","valueRequired":true,"valueName":"search_term_string"}}],"inLanguage":"en-US"},{"@type":"Organization","@id":"https:\/\/www.policlinicogemelli.it\/en\/#organization","name":"Policlinico Universitario Agostino Gemelli IRCCS","url":"https:\/\/www.policlinicogemelli.it\/en\/","logo":{"@type":"ImageObject","inLanguage":"en-US","@id":"https:\/\/www.policlinicogemelli.it\/en\/#\/schema\/logo\/image\/","url":"https:\/\/www.policlinicogemelli.it\/wp-content\/uploads\/2019\/02\/logo-policlinico-gemelli-250-trasp-color-1.png","contentUrl":"https:\/\/www.policlinicogemelli.it\/wp-content\/uploads\/2019\/02\/logo-policlinico-gemelli-250-trasp-color-1.png","width":250,"height":82,"caption":"Policlinico Universitario Agostino Gemelli IRCCS"},"image":{"@id":"https:\/\/www.policlinicogemelli.it\/en\/#\/schema\/logo\/image\/"}}]}},"featured_image_src":null,"featured_image_src_square":null,"rest_api_enabler":[],"_links":{"self":[{"href":"https:\/\/www.policlinicogemelli.it\/en\/wp-json\/wp\/v2\/pages\/35511","targetHints":{"allow":["GET"]}}],"collection":[{"href":"https:\/\/www.policlinicogemelli.it\/en\/wp-json\/wp\/v2\/pages"}],"about":[{"href":"https:\/\/www.policlinicogemelli.it\/en\/wp-json\/wp\/v2\/types\/page"}],"author":[{"embeddable":true,"href":"https:\/\/www.policlinicogemelli.it\/en\/wp-json\/wp\/v2\/users\/3"}],"replies":[{"embeddable":true,"href":"https:\/\/www.policlinicogemelli.it\/en\/wp-json\/wp\/v2\/comments?post=35511"}],"version-history":[{"count":0,"href":"https:\/\/www.policlinicogemelli.it\/en\/wp-json\/wp\/v2\/pages\/35511\/revisions"}],"up":[{"embeddable":true,"href":"https:\/\/www.policlinicogemelli.it\/en\/wp-json\/wp\/v2\/pages\/19332"}],"wp:attachment":[{"href":"https:\/\/www.policlinicogemelli.it\/en\/wp-json\/wp\/v2\/media?parent=35511"}],"curies":[{"name":"wp","href":"https:\/\/api.w.org\/{rel}","templated":true}]}}